{"id":1059,"date":"2025-11-14T19:13:21","date_gmt":"2025-11-14T19:13:21","guid":{"rendered":"https:\/\/www.mundilibros.cl\/web\/?post_type=product&#038;p=1059"},"modified":"2025-11-14T19:15:31","modified_gmt":"2025-11-14T19:15:31","slug":"la-historia-del-despojo","status":"publish","type":"product","link":"https:\/\/www.mundilibros.cl\/web\/producto\/la-historia-del-despojo\/","title":{"rendered":"LA HISTORIA DEL DESPOJO"},"content":{"rendered":"<p>Los conflictos territoriales actuales no se explican si no es en vinculaci\u00f3n con el proceso de despojo original, de hijuelaci\u00f3n, remate y adjudicaci\u00f3n de las tierras antiguas a los colonos, y de radicaci\u00f3n\/reducci\u00f3n en los remanentes a los mapuche: se repiten los apellidos, de los mapuche y de los colonos, son las mismas familias y sus descendencias, en un conflicto que se arrastra ya por mas de 100 a\u00f1os.<\/p>\n<p>Las comunidades y organizaciones mapuche plantean sus demandas hacia la reconstrucci\u00f3n del territorio ancestral, hacia las \u201ctierras antiguas\u201d, m\u00e1s all\u00e1 de las tierras reduccionales, hacia las tierras que les fueron sustra\u00eddas de su dominio en un acto unilateral y a la fuerza por parte del Estado chileno, de las cuales jam\u00e1s se enajenaron y cuyos deslindes se mantienen vivos, de generaci\u00f3n en generaci\u00f3n, en la memoria comunitaria, hasta nuestros d\u00edas.<\/p>\n<p>tapa blanda<br \/>\npaginas : 359<\/p>\n","protected":false},"excerpt":{"rendered":"<p>Los conflictos territoriales actuales no se explican si no es en vinculaci\u00f3n con el proceso de despojo original, de hijuelaci\u00f3n, remate y adjudicaci\u00f3n de las tierras<span class=\"excerpt-hellip\"> [\u2026]<\/span><\/p>\n","protected":false},"featured_media":1093,"comment_status":"closed","ping_status":"closed","template":"","meta":[],"product_brand":[],"product_cat":[86],"product_tag":[],"class_list":{"0":"post-1059","1":"product","2":"type-product","3":"status-publish","4":"has-post-thumbnail","6":"product_cat-investigacion-periodistica","8":"first","9":"outofstock","10":"sale","11":"taxable","12":"shipping-taxable","13":"purchasable","14":"product-type-simple"},"_links":{"self":[{"href":"https:\/\/www.mundilibros.cl\/web\/wp-json\/wp\/v2\/product\/1059","targetHints":{"allow":["GET"]}}],"collection":[{"href":"https:\/\/www.mundilibros.cl\/web\/wp-json\/wp\/v2\/product"}],"about":[{"href":"https:\/\/www.mundilibros.cl\/web\/wp-json\/wp\/v2\/types\/product"}],"replies":[{"embeddable":true,"href":"https:\/\/www.mundilibros.cl\/web\/wp-json\/wp\/v2\/comments?post=1059"}],"wp:featuredmedia":[{"embeddable":true,"href":"https:\/\/www.mundilibros.cl\/web\/wp-json\/wp\/v2\/media\/1093"}],"wp:attachment":[{"href":"https:\/\/www.mundilibros.cl\/web\/wp-json\/wp\/v2\/media?parent=1059"}],"wp:term":[{"taxonomy":"product_brand","embeddable":true,"href":"https:\/\/www.mundilibros.cl\/web\/wp-json\/wp\/v2\/product_brand?post=1059"},{"taxonomy":"product_cat","embeddable":true,"href":"https:\/\/www.mundilibros.cl\/web\/wp-json\/wp\/v2\/product_cat?post=1059"},{"taxonomy":"product_tag","embeddable":true,"href":"https:\/\/www.mundilibros.cl\/web\/wp-json\/wp\/v2\/product_tag?post=1059"}],"curies":[{"name":"wp","href":"https:\/\/api.w.org\/{rel}","templated":true}]}}