{"id":1543,"date":"2025-11-14T19:29:57","date_gmt":"2025-11-14T19:29:57","guid":{"rendered":"https:\/\/www.mundilibros.cl\/web\/?post_type=product&#038;p=1543"},"modified":"2025-11-14T19:30:23","modified_gmt":"2025-11-14T19:30:23","slug":"gladys-marin-una-vida-revolucionaria","status":"publish","type":"product","link":"https:\/\/www.mundilibros.cl\/web\/producto\/gladys-marin-una-vida-revolucionaria\/","title":{"rendered":"GLADYS MARIN &#8211; UNA VIDA REVOLUCIONARIA"},"content":{"rendered":"<p>A veinte a\u00f1os de su fallecimiento, Gladys Mar\u00edn es reconocida como una de las mujeres m\u00e1s notables de la historia de Chile. A lo largo de estas p\u00e1ginas y a partir de una abundante documentaci\u00f3n in\u00e9dita, incluidos sus escritos m\u00e1s \u00edntimos, Mario Amor\u00f3s narra una vida excepcional. Nacida en 1937 en Curepto, su infancia transcurri\u00f3 principalmente en Talagante. En 1956, en su \u00faltimo a\u00f1o en la Escuela Normal, el ingreso en las Juventudes Comunistas marcar\u00eda el rumbo de su existencia. El 11 de septiembre de 1973 pas\u00f3 a la clandestinidad y en 1974, tras ocho meses asilada en la Embajada de Pa\u00edses Bajos, parti\u00f3 al exilio. Sorteando la Operaci\u00f3n C\u00f3ndor, en 1978 volvi\u00f3 clandestina para encabezar la direcci\u00f3n interior del Partido Comunista. En 1998, present\u00f3 la querella criminal contra Pinochet que abri\u00f3 paso al fin de la impunidad y un a\u00f1o despu\u00e9s se convirti\u00f3 en la primera candidata a la Presidencia de la Rep\u00fablica en la historia de Chile. El 8 de marzo de 2005, m\u00e1s de medio mill\u00f3n de personas concurrieron a su funeral para despedirla. Esta es la biograf\u00eda de una mujer que nos dej\u00f3 un legado imborrable de coraje, valor y consecuencia. No en vano \u00abLucha como Gladys\u00bb es uno de los lemas m\u00e1s potentes nacidos al calor de la revuelta de 2019 e inspira tambi\u00e9n a las generaciones de j\u00f3venes feministas que empujan los cambios sociales. El historiador Mario Amor\u00f3s ha construido el retrato de toda una \u00e9poca en el que da cuenta no solo de la dimensi\u00f3n pol\u00edtica de Gladys Mar\u00edn, sino tambi\u00e9n de su humanidad<\/p>\n","protected":false},"excerpt":{"rendered":"<p>A veinte a\u00f1os de su fallecimiento, Gladys Mar\u00edn es reconocida como una de las mujeres m\u00e1s notables de la historia de Chile. A lo largo de<span class=\"excerpt-hellip\"> [\u2026]<\/span><\/p>\n","protected":false},"featured_media":1560,"comment_status":"closed","ping_status":"closed","template":"","meta":[],"product_brand":[],"product_cat":[48],"product_tag":[],"class_list":{"0":"post-1543","1":"product","2":"type-product","3":"status-publish","4":"has-post-thumbnail","6":"product_cat-biografias","8":"first","9":"outofstock","10":"sale","11":"featured","12":"taxable","13":"shipping-taxable","14":"purchasable","15":"product-type-simple"},"_links":{"self":[{"href":"https:\/\/www.mundilibros.cl\/web\/wp-json\/wp\/v2\/product\/1543","targetHints":{"allow":["GET"]}}],"collection":[{"href":"https:\/\/www.mundilibros.cl\/web\/wp-json\/wp\/v2\/product"}],"about":[{"href":"https:\/\/www.mundilibros.cl\/web\/wp-json\/wp\/v2\/types\/product"}],"replies":[{"embeddable":true,"href":"https:\/\/www.mundilibros.cl\/web\/wp-json\/wp\/v2\/comments?post=1543"}],"wp:featuredmedia":[{"embeddable":true,"href":"https:\/\/www.mundilibros.cl\/web\/wp-json\/wp\/v2\/media\/1560"}],"wp:attachment":[{"href":"https:\/\/www.mundilibros.cl\/web\/wp-json\/wp\/v2\/media?parent=1543"}],"wp:term":[{"taxonomy":"product_brand","embeddable":true,"href":"https:\/\/www.mundilibros.cl\/web\/wp-json\/wp\/v2\/product_brand?post=1543"},{"taxonomy":"product_cat","embeddable":true,"href":"https:\/\/www.mundilibros.cl\/web\/wp-json\/wp\/v2\/product_cat?post=1543"},{"taxonomy":"product_tag","embeddable":true,"href":"https:\/\/www.mundilibros.cl\/web\/wp-json\/wp\/v2\/product_tag?post=1543"}],"curies":[{"name":"wp","href":"https:\/\/api.w.org\/{rel}","templated":true}]}}