{"id":651,"date":"2025-11-14T19:04:17","date_gmt":"2025-11-14T19:04:17","guid":{"rendered":"https:\/\/www.mundilibros.cl\/web\/?post_type=product&#038;p=651"},"modified":"2025-11-14T19:05:55","modified_gmt":"2025-11-14T19:05:55","slug":"largo-petalo-de-mar-tapa-dura","status":"publish","type":"product","link":"https:\/\/www.mundilibros.cl\/web\/producto\/largo-petalo-de-mar-tapa-dura\/","title":{"rendered":"LARGO P\u00c9TALO DE MAR. TAPA DURA"},"content":{"rendered":"<p>En plena Guerra Civil espa\u00f1ola, el joven m\u00e9dico V\u00edctor Dalmau, junto a su amiga pianista Roser Bruguera, se ven obligados a abandonar Barcelona, exiliarse y cruzar los Pirineos rumbo a Francia. A bordo del Winnipeg, un nav\u00edo fletado por el poeta Pablo Neruda que llev\u00f3 a m\u00e1s de dos mil espa\u00f1oles rumbo a Valpara\u00edso, embarcar\u00e1n en busca de la paz y la libertad que no tuvieron en su pa\u00eds. Recibidos como h\u00e9roes en Chile -ese \u00ablargo p\u00e9talo de mar y nieve\u00bb, en palabras del poeta chileno-, se integrar\u00e1n en la vida social del pa\u00eds durante varias d\u00e9cadas hasta el golpe de Estado que derroc\u00f3 al doctor Salvador Allende, amigo de Victor por su com\u00fan afici\u00f3n al ajedrez. V\u00edctor y Roser se encontrar\u00e1n nuevamente desarraigados, pero como dice la autora: \u00absi uno vive lo suficiente, todos los c\u00edrculos se cierran<\/p>\n<p>Formato, Tapa Dura<br \/>\np\u00e1ginas: 384<br \/>\nMedidas: 15 X 23 cm<\/p>\n","protected":false},"excerpt":{"rendered":"<p>En plena Guerra Civil espa\u00f1ola, el joven m\u00e9dico V\u00edctor Dalmau, junto a su amiga pianista Roser Bruguera, se ven obligados a abandonar Barcelona, exiliarse y cruzar los Pirineos rumbo a Francia.<\/p>\n","protected":false},"featured_media":710,"comment_status":"closed","ping_status":"closed","template":"","meta":[],"product_brand":[],"product_cat":[25],"product_tag":[],"class_list":{"0":"post-651","1":"product","2":"type-product","3":"status-publish","4":"has-post-thumbnail","6":"product_cat-novelas","8":"first","9":"outofstock","10":"sale","11":"taxable","12":"shipping-taxable","13":"purchasable","14":"product-type-simple"},"_links":{"self":[{"href":"https:\/\/www.mundilibros.cl\/web\/wp-json\/wp\/v2\/product\/651","targetHints":{"allow":["GET"]}}],"collection":[{"href":"https:\/\/www.mundilibros.cl\/web\/wp-json\/wp\/v2\/product"}],"about":[{"href":"https:\/\/www.mundilibros.cl\/web\/wp-json\/wp\/v2\/types\/product"}],"replies":[{"embeddable":true,"href":"https:\/\/www.mundilibros.cl\/web\/wp-json\/wp\/v2\/comments?post=651"}],"wp:featuredmedia":[{"embeddable":true,"href":"https:\/\/www.mundilibros.cl\/web\/wp-json\/wp\/v2\/media\/710"}],"wp:attachment":[{"href":"https:\/\/www.mundilibros.cl\/web\/wp-json\/wp\/v2\/media?parent=651"}],"wp:term":[{"taxonomy":"product_brand","embeddable":true,"href":"https:\/\/www.mundilibros.cl\/web\/wp-json\/wp\/v2\/product_brand?post=651"},{"taxonomy":"product_cat","embeddable":true,"href":"https:\/\/www.mundilibros.cl\/web\/wp-json\/wp\/v2\/product_cat?post=651"},{"taxonomy":"product_tag","embeddable":true,"href":"https:\/\/www.mundilibros.cl\/web\/wp-json\/wp\/v2\/product_tag?post=651"}],"curies":[{"name":"wp","href":"https:\/\/api.w.org\/{rel}","templated":true}]}}